{"id":99413,"date":"2024-11-28T10:54:57","date_gmt":"2024-11-28T10:54:57","guid":{"rendered":"https:\/\/electromenagerexpress.com\/product\/cave-a-vin-vieillissementla-sommelierepro110n\/"},"modified":"2024-11-28T10:55:02","modified_gmt":"2024-11-28T10:55:02","slug":"cave-a-vin-vieillissementla-sommelierepro110n","status":"publish","type":"product","link":"https:\/\/electromenagerexpress.com\/en\/product\/cave-a-vin-vieillissementla-sommelierepro110n\/","title":{"rendered":"Cave \u00e0 vin vieillissement\t\t\t\t\t\t\tLA SOMMELIERE\t\t\t\tPRO110N"},"content":{"rendered":"<div class=\"product-features__content\">\n<ul role=\"list\">\n<li class=\"product-features__item\" role=\"listitem\">\n<h3 class=\"product-features__label\">Nos services de livraison<\/h3>\n<ul role=\"list\">\n<li class=\"product-features__item-list__item\" role=\"listitem\"><span class=\"is--medium\">Livraison et reprise de votre ancien appareil offerts \u00e0 partir de 379 \u20ac :<\/span> <a href=\"https:\/\/www.boulanger.com\/evenement\/livraison-domicile\" target=\"_blank\">en sa<\/a><\/li>\n<\/ul>\n<\/li>\n<li class=\"product-features__item\" role=\"listitem\">\n<h3 class=\"product-features__label\">Choisir ce produit pour quel usage ?<\/h3>\n<ul role=\"list\">\n<li class=\"product-features__item-list__item\" role=\"listitem\"><span class=\"is--medium\">Type d&rsquo;appareil :<\/span> cave de vieillissement, elle conserve les bouteilles pendant plusieurs ann\u00e9es de mani\u00e8re optimale. Id\u00e9ale pour les collectionneurs et les oenophiles avertis.\t\t\t\t\t<\/li>\n<li class=\"product-features__item-list__item\" role=\"listitem\"><span class=\"is--medium\">Type d&rsquo;installation :<\/span> pose libre, installez votre cave o\u00f9 vous le souhaitez dans votre cuisine ou dans n&rsquo;importe quelle autre pi\u00e8ce : cave, v\u00e9randa&#8230;\t\t\t\t\t<\/li>\n<li class=\"product-features__item-list__item\" role=\"listitem\"><span class=\"is--medium\">Comment choisir ma cave \u00e0 vin ? :<\/span> d\u00e9couvrez nos conseils en <a href=\"https:\/\/www.boulanger.com\/evenement\/cave-a-vin\" target=\"_blank\">en sa<\/a><\/li>\n<\/ul>\n<\/li>\n<li class=\"product-features__item\" role=\"listitem\">\n<h3 class=\"product-features__label\">Agencement et esthetique<\/h3>\n<ul role=\"list\">\n<li class=\"product-features__item-list__item\" role=\"listitem\"><span class=\"is--medium\">Nombre de bouteilles (type bordelaises l\u00e9g\u00e8res) :<\/span> 107\t\t\t\t\t<\/li>\n<li class=\"product-features__item-list__item\" role=\"listitem\"><span class=\"is--medium\">Le saviez-vous ? :<\/span> La capacit\u00e9 annonc\u00e9e est la capacit\u00e9 maximale mesur\u00e9e selon le standard europ\u00e9en EN62552. Ce standard est calcul\u00e9 avec des bouteilles 75cl type bordeaux tradition. La capacit\u00e9 annonc\u00e9e correspond donc au nombre de bouteilles de bordeaux possibles avec le nombre de clayettes fournies dans la cave.\t\t\t\t\t<\/li>\n<li class=\"product-features__item-list__item\" role=\"listitem\"><span class=\"is--medium\">Volume total :<\/span> 317 litres\t\t\t\t\t<\/li>\n<li class=\"product-features__item-list__item\" role=\"listitem\"><span class=\"is--medium\">Type de clayettes :<\/span> clayette coulissante, permet d&rsquo;optimiser le rangement \u00e0 l&rsquo;int\u00e9rieur de la cave \u00e0 vin et d&rsquo;acc\u00e9der facilement aux bouteilles du fond\t\t\t\t\t<\/li>\n<li class=\"product-features__item-list__item\" role=\"listitem\"><span class=\"is--medium\">Nombre de clayette(s) :<\/span> 10\t\t\t\t\t<\/li>\n<li class=\"product-features__item-list__item\" role=\"listitem\"><span class=\"is--medium\">Mat\u00e9riau des clayettes :<\/span> m\u00e9tal, facile \u00e0 nettoyer, \u00e0 entretenir, durable, offre une grande capacit\u00e9 de stockage, une bonne visibilit\u00e9 et une esth\u00e9tique moderne\t\t\t\t\t<\/li>\n<li class=\"product-features__item-list__item\" role=\"listitem\"><span class=\"is--medium\">Type de vin possible :<\/span> Diff\u00e9rents types de bouteilles\t\t\t\t\t<\/li>\n<li class=\"product-features__item-list__item\" role=\"listitem\"><span class=\"is--medium\">Eclairage :<\/span> LED lat\u00e9ral, offre une excellente visibilit\u00e9 pour identifier et s\u00e9lectionner les bouteilles. Cet \u00e9clairage permet une \u00e9conomie d&rsquo;\u00e9nergie et n&rsquo;endommage pas le vin avec des rayons UV nocifs.\t\t\t\t\t<\/li>\n<li class=\"product-features__item-list__item\" role=\"listitem\"><span class=\"is--medium\">Porte r\u00e9versible :<\/span> Oui, vous permet de changer le sens d&rsquo;ouverture de la porte. Ce changement peut s&rsquo;effectuer lors de l&rsquo;installationde votre produit\t\t\t\t\t<\/li>\n<li class=\"product-features__item-list__item\" role=\"listitem\"><span class=\"is--medium\">Sens d&rsquo;ouverture de la porte :<\/span> fixations \u00e0 droite r\u00e9versible\t\t\t\t\t<\/li>\n<li class=\"product-features__item-list__item\" role=\"listitem\"><span class=\"is--medium\">Coloris :<\/span> noir\t\t\t\t\t<\/li>\n<li class=\"product-features__item-list__item\" role=\"listitem\"><span class=\"is--medium\">Rev\u00eatement ext\u00e9rieur de la cave :<\/span> m\u00e9tal\t\t\t\t\t<\/li>\n<\/ul>\n<\/li>\n<li class=\"product-features__item\" role=\"listitem\">\n<h3 class=\"product-features__label\">Conditions optimales<\/h3>\n<ul role=\"list\">\n<li class=\"product-features__item-list__item\" role=\"listitem\"><span class=\"is--medium\">Type de porte :<\/span> vitr\u00e9e, permet de visualiser facilement les bouteilles sans avoir \u00e0 ouvrir la porte, ce qui r\u00e9duit la circulation de l&rsquo;air dans la cave et donc la variation de la temp\u00e9rature. Le traitement anti-uv prot\u00e8ge le contenu.\t\t\t\t\t<\/li>\n<li class=\"product-features__item-list__item\" role=\"listitem\"><span class=\"is--medium\">Cave :<\/span> mono-temp\u00e9rature\t\t\t\t\t<\/li>\n<li class=\"product-features__item-list__item\" role=\"listitem\"><span class=\"is--medium\">Conseil de rangement :<\/span> rangez du haut vers le bas vins rouges forts, vins ros\u00e9s ou rouges moyens, vins blancs\t\t\t\t\t<\/li>\n<li class=\"product-features__item-list__item\" role=\"listitem\"><span class=\"is--medium\">Plages de temp\u00e9rature :<\/span> De 5 \u00e0 20\u00b0C\t\t\t\t\t<\/li>\n<li class=\"product-features__item-list__item\" role=\"listitem\"><span class=\"is--medium\">Classe climatique :<\/span> la classe climatique SN-ST, ou classe subtropicale \u00e9largie (de 10\u00b0C \u00e0 38\u00b0C), permet un fonctionnement optimum dans des pi\u00e8ces \u00e0 temp\u00e9ratures basses. Id\u00e9ale pour une installation dans un garage, une v\u00e9randa ou une cave.\t\t\t\t\t<\/li>\n<li class=\"product-features__item-list__item\" role=\"listitem\"><span class=\"is--medium\">Zones de temp\u00e9ratures :<\/span> 1\t\t\t\t\t<\/li>\n<li class=\"product-features__item-list__item\" role=\"listitem\"><span class=\"is--medium\">A quoi servent les zones de temp\u00e9ratures ? :<\/span> elles permettent de stocker diff\u00e9rents types de vin dans des conditions de temp\u00e9rature optimales pour leur conservation et leur vieillissement afin de maintenir leur qualit\u00e9 et leur go\u00fbt \u00e0 long terme.\t\t\t\t\t<\/li>\n<li class=\"product-features__item-list__item\" role=\"listitem\"><span class=\"is--medium\">Alarme de temp\u00e9rature :<\/span> oui, permet d&rsquo;\u00eatre averti si la temp\u00e9rature de la cave \u00e0 vin sort de la plage de temp\u00e9ratures recommand\u00e9e et donc de prot\u00e9ger vos vins contre les dommages caus\u00e9s par une temp\u00e9rature trop \u00e9lev\u00e9e ou trop basse.\t\t\t\t\t<\/li>\n<li class=\"product-features__item-list__item\" role=\"listitem\"><span class=\"is--medium\">R\u00e9glage de la temp\u00e9rature :<\/span> \u00e9lectronique, permet d&rsquo;afficher la temp\u00e9rature et de la r\u00e9gler comme souhait\u00e9e\t\t\t\t\t<\/li>\n<li class=\"product-features__item-list__item\" role=\"listitem\"><span class=\"is--medium\">R\u00e9glage hygrom\u00e9trie :<\/span> Non\t\t\t\t\t<\/li>\n<li class=\"product-features__item-list__item\" role=\"listitem\"><span class=\"is--medium\">Filtre \u00e0 charbon :<\/span> Oui\t\t\t\t\t<\/li>\n<li class=\"product-features__item-list__item\" role=\"listitem\"><span class=\"is--medium\">A quoi sert le filtre \u00e0 charbon ? :<\/span> il permet de maintenir une atmosph\u00e8re saine et exempt\u00e9e d&rsquo;odeurs ind\u00e9sirables qui pourraient affecter la qualit\u00e9 du vin. Le filtre \u00e0 charbon absorbe les odeurs et les impuret\u00e9s de l&rsquo;air, tout en les emp\u00eachant d&rsquo;entrer en contact avec le vin.\t\t\t\t\t<\/li>\n<li class=\"product-features__item-list__item\" role=\"listitem\"><span class=\"is--medium\">Anti vibration :<\/span> oui, permet de r\u00e9duire les vibrations qui peuvent affecter la qualit\u00e9 du vin en perturbant les s\u00e9diments et la stabilit\u00e9 des bouchons en li\u00e8ge\t\t\t\t\t<\/li>\n<li class=\"product-features__item-list__item\" role=\"listitem\"><span class=\"is--medium\">Fonction hiver :<\/span> permet de maintenir une temp\u00e9rature constante, m\u00eame en p\u00e9riode de froid, assurant ainsi une conservation optimale du vin.\t\t\t\t\t<\/li>\n<li class=\"product-features__item-list__item\" role=\"listitem\"><span class=\"is--medium\">Mode shabbat :<\/span> Non\t\t\t\t\t<\/li>\n<\/ul>\n<\/li>\n<li class=\"product-features__item\" role=\"listitem\">\n<h3 class=\"product-features__label\">Equipement<\/h3>\n<ul role=\"list\">\n<li class=\"product-features__item-list__item\" role=\"listitem\"><span class=\"is--medium\">Type de refroidissement :<\/span> par compression, permet d&rsquo;atteindre des temp\u00e9ratures plus basses et de maintenir une temp\u00e9rature constante, m\u00eame en cas de variations de la temp\u00e9rature ambiante\t\t\t\t\t<\/li>\n<li class=\"product-features__item-list__item\" role=\"listitem\"><span class=\"is--medium\">Type de poign\u00e9e(s) :<\/span> ext\u00e9rieure(s), traditionnelle(s)\t\t\t\t\t<\/li>\n<li class=\"product-features__item-list__item\" role=\"listitem\"><span class=\"is--medium\">Fermeture \u00e0 serrure :<\/span> oui\t\t\t\t\t<\/li>\n<li class=\"product-features__item-list__item\" role=\"listitem\"><span class=\"is--medium\">Pieds r\u00e9glables :<\/span> oui\t\t\t\t\t<\/li>\n<li class=\"product-features__item-list__item\" role=\"listitem\"><span class=\"is--medium\">Roulettes :<\/span> Non\t\t\t\t\t<\/li>\n<li class=\"product-features__item-list__item\" role=\"listitem\"><span class=\"is--medium\">Niveau sonore :<\/span> silencieux (37 db)\t\t\t\t\t<\/li>\n<li class=\"product-features__item-list__item\" role=\"listitem\"><span class=\"is--medium\">Classe d&rsquo;\u00e9mission de bruit acoustique dans l&rsquo;air :<\/span> C\t\t\t\t\t<\/li>\n<li class=\"product-features__item-list__item\" role=\"listitem\"><span class=\"is--medium\">Connect\u00e9e wifi :<\/span> non\t\t\t\t\t<\/li>\n<li class=\"product-features__item-list__item\" role=\"listitem\"><span class=\"is--medium\">Compatible avec l&rsquo;application :<\/span> Vinotag\t\t\t\t\t<\/li>\n<li class=\"product-features__item-list__item\" role=\"listitem\"><span class=\"is--medium\">Label \u00e9nergie :<\/span> G\t\t\t\t\t<\/li>\n<li class=\"product-features__item-list__item\" role=\"listitem\"><span class=\"is--medium\">Consommation :<\/span> 155 kWh\/an\t\t\t\t\t<\/li>\n<li class=\"product-features__item-list__item\" role=\"listitem\"><span class=\"is--medium\">Co\u00fbt annuel d&rsquo;utilisation (calcul\u00e9 selon un co\u00fbt unitaire en \u00e9l\u00e9ctricit\u00e9 de 0.2062 euros\/Kwh) :<\/span> 39 euros par an\t\t\t\t\t<\/li>\n<\/ul>\n<\/li>\n<li class=\"product-features__item\" role=\"listitem\">\n<h3 class=\"product-features__label\">Dimensions<\/h3>\n<ul role=\"list\">\n<li class=\"product-features__item-list__item\" role=\"listitem\"><span class=\"is--medium\">L x H x P :<\/span> 60 x 136 x 68 cm\t\t\t\t\t<\/li>\n<li class=\"product-features__item-list__item\" role=\"listitem\"><span class=\"is--medium\">Poids net :<\/span> 85,0 kg\t\t\t\t\t<\/li>\n<li class=\"product-features__item-list__item\" role=\"listitem\"><span class=\"is--medium\">Poids brut :<\/span> 91,0 kg\t\t\t\t\t<\/li>\n<\/ul>\n<\/li>\n<li class=\"product-features__item\" role=\"listitem\">\n<h3 class=\"product-features__label\">Informations compl\u00e9mentaires<\/h3>\n<ul role=\"list\">\n<li class=\"product-features__item-list__item\" role=\"listitem\"><span class=\"is--medium\">Garantie :<\/span> 2 ans\t\t\t\t\t<\/li>\n<li class=\"product-features__item-list__item\" role=\"listitem\"><span class=\"is--medium\">Disponibilit\u00e9 des pi\u00e8ces d\u00e9tach\u00e9es (donn\u00e9es fournisseur) :<\/span> Pendant 10 ans, \u00e0 compter de la date fin de commercialisation\t\t\t\t\t<\/li>\n<li class=\"product-features__item-list__item\" role=\"listitem\"><span class=\"is--medium\">Fabriqu\u00e9 en :<\/span> Chine\t\t\t\t\t<\/li>\n<li class=\"product-features__item-list__item\" role=\"listitem\"><span class=\"is--medium\">Marque :<\/span> LA SOMMELIERE\t\t\t\t\t<\/li>\n<li class=\"product-features__item-list__item\" role=\"listitem\"><span class=\"is--medium\">R\u00e9f\u00e9rence constructeur :<\/span> PRO110N\t\t\t\t\t<\/li>\n<li class=\"product-features__item-list__item\" role=\"listitem\"><span class=\"is--medium\">Les services boulanger :<\/span> <a href=\"https:\/\/www.boulanger.com\/evenement\/livraison-domicile\" target=\"_blank\">cliquez ici pour d\u00e9couvrir tous nos services<\/a><\/li>\n<\/ul>\n<\/li>\n<li class=\"product-features__item\" role=\"listitem\">\n<h3 class=\"product-features__label\">Boulanger INFINITY<\/h3>\n<ul role=\"list\">\n<li class=\"product-features__item-list__item\" role=\"listitem\"><span class=\"is--medium\">R\u00e9parez en illimit\u00e9* vos appareils achet\u00e9s chez Boulanger ou ailleurs (*conditions d\u00e9taill\u00e9es dans la notice d&rsquo;information de la garantie Boulanger INFINITY) :<\/span> <a href=\"http:\/\/www.boulanger.com\/evenement\/boulanger-infinity\" target=\"_blank\">en sa<\/a><\/li>\n<\/ul>\n<\/li>\n<\/ul>\n<\/div>\n<div class=\"product__disclosure-content\">\n<div class=\"js-read-more product-description__content read-more read-more--truncated\" data-read-more-name=\"description\" style=\"max-height: 500px; overflow: hidden;\">\n<p>Capable de loger jusqu&rsquo;\u00e0 107 bouteilles de vin sur ses 10 clayettes coulissantes, votre cave de vieillissement LA SOMMELIERE PRO110N r\u00e9pondra aux besoins des connaisseurs les plus exigeants.<\/p>\n<h3><img fetchpriority=\"high\" decoding=\"async\" ,=\"\" alt=\"Cave \u00e0 vin LA SOMMELIERE PRO110N\" class=\"wy_tableau_gauche\" height=\"270\" src=\"https:\/\/boulanger.scene7.com\/is\/image\/Boulanger\/3541362304254_h_f_l_0?wid=400&amp;hei=270\" width=\"400\"\/>Pour pr\u00e9server et pr\u00e9senter votre collection avec \u00e9l\u00e9gance<\/h3>\n<p>D\u00e9voilant une <b>capacit\u00e9 de 107 bouteilles<\/b> que vous pourrez conserver entre 5 \u00b0C et 20 \u00b0C, votre cave \u00e0 vin LA SOMMELIERE PRO110N sera id\u00e9ale pour les collectionneurs passionn\u00e9s. Ses <b>10 clayettes coulissantes<\/b> favoriseront un acc\u00e8s et une organisation ais\u00e9e de votre collection, tout en mettant en valeur chaque \u00e9tiquette et chaque mill\u00e9sime.<\/p>\n<p>Offrez-vous le plaisir d&rsquo;admirer votre collection dans son ensemble derri\u00e8re la porte vitr\u00e9e r\u00e9versible de votre cave de vieillissement LA SOMMELIERE PRO110N et trouvez votre bouteille pr\u00e9f\u00e9r\u00e9e en un \u00e9clair ! <b>Gr\u00e2ce \u00e0 l&rsquo;\u00e9clairage LED blanc et \u00e0 pr\u00e9sentation horizontale des clayettes<\/b>, vous b\u00e9n\u00e9ficierez d&rsquo;une visibilit\u00e9 parfaite des \u00e9tiquettes de toutes vos cuv\u00e9es.<\/p>\n<h3><img decoding=\"async\" ,=\"\" alt=\"Cave \u00e0 vin LA SOMMELIERE PRO110N\" class=\"wy_tableau_right\" height=\"270\" src=\"https:\/\/boulanger.scene7.com\/is\/image\/Boulanger\/3541362304254_h_f_l_1?wid=400&amp;hei=270\" width=\"400\"\/>Pour conserver et trouver vos bouteilles de vin dans les meilleures conditions<\/h3>\n<p>Avec son hygrom\u00e9trie naturellement r\u00e9gul\u00e9e par le principe de l&rsquo;hygrodynamie, votre nouvelle cave \u00e0 vin LA SOMMELIERE PRO110N assurera une conservation optimale de vos vins. <b>Compatible avec Vinotag<\/b> pour un suivi facile, elle int\u00e8grera un syst\u00e8me de froid \u00e0 compresseur pour vous maintenir une temp\u00e9rature constante, tandis que <b>sa r\u00e9gulation \u00e9lectronique<\/b> permettra une pr\u00e9cision in\u00e9gal\u00e9e : id\u00e9al pour tout amateur de vin.<\/p>\n<p>En plus d&rsquo;\u00eatre fonctionnelle, votre future cave \u00e0 vin LA SOMMELIERE PRO110N arborera un design \u00e9l\u00e9gant qui s&rsquo;adaptera \u00e0 votre int\u00e9rieur. <b>En pose libre, ses dimensions de 60 cm x 136 cm x 68 cm<\/b> s&rsquo;int\u00e8greront harmonieusement dans la pi\u00e8ce de votre choix : la certitude de disposer d&rsquo;un moyen raffin\u00e9 de stocker et de pr\u00e9senter vos cuv\u00e9es pr\u00e9f\u00e9r\u00e9es.<\/p>\n<\/p>\n<\/div>\n<p><bl-button a11yexpanded=\"false\" arialabel=\"Afficher toute la description\" class=\"read-more__btn\" full=\"false\" link=\"true\"><\/bl-button><\/div>","protected":false},"excerpt":{"rendered":"<div class=\"keypoints\">\n<h3 class=\"keypoints__title\">Les points cl\u00e9s<\/h3>\n<ul role=\"list\">\n<li class=\"keypoints__item\" role=\"listitem\">                          Nombre de bouteilles : 107 &#8211;                                                      Nombre de clayette(s) : 10                      <\/li>\n<li class=\"keypoints__item\" role=\"listitem\">                                        L x H x P : 60 x 136 x 68 cm                      <\/li>\n<li class=\"keypoints__item\" role=\"listitem\">                          R\u00e9glage temp\u00e9rature : \u00e9lectronique via \u00e9cran &#8211;                                                      Nombre de zones : 1 zone                      <\/li>\n<li class=\"keypoints__item\" role=\"listitem\">                                        Niveau sonore : Silencieux (37dB)                      <\/li>\n<li class=\"keypoints__item keypoints__item--advantage\" role=\"listitem\"><strong>Le + :<\/strong> Les clayettes coulissantes avec pr\u00e9sentation horizontale offrent une visibilit\u00e9 sur les \u00e9tiquettes      <\/li>\n<\/ul>","protected":false},"featured_media":41355,"template":"","meta":{"_glsr_average":0,"_glsr_ranking":0,"_glsr_reviews":0},"product_cat":[272],"product_tag":[195,273,131],"class_list":{"0":"post-99413","1":"product","2":"type-product","3":"status-publish","4":"has-post-thumbnail","6":"product_cat-cave-de-vieillissement","7":"product_tag-cave-a-vin","8":"product_tag-cave-de-vieillissement","9":"product_tag-gros-electromenager","11":"first","12":"instock","13":"sale","14":"shipping-taxable","15":"purchasable","16":"product-type-simple"},"_links":{"self":[{"href":"https:\/\/electromenagerexpress.com\/en\/wp-json\/wp\/v2\/product\/99413","targetHints":{"allow":["GET"]}}],"collection":[{"href":"https:\/\/electromenagerexpress.com\/en\/wp-json\/wp\/v2\/product"}],"about":[{"href":"https:\/\/electromenagerexpress.com\/en\/wp-json\/wp\/v2\/types\/product"}],"wp:featuredmedia":[{"embeddable":true,"href":"https:\/\/electromenagerexpress.com\/en\/wp-json\/wp\/v2\/media\/41355"}],"wp:attachment":[{"href":"https:\/\/electromenagerexpress.com\/en\/wp-json\/wp\/v2\/media?parent=99413"}],"wp:term":[{"taxonomy":"product_cat","embeddable":true,"href":"https:\/\/electromenagerexpress.com\/en\/wp-json\/wp\/v2\/product_cat?post=99413"},{"taxonomy":"product_tag","embeddable":true,"href":"https:\/\/electromenagerexpress.com\/en\/wp-json\/wp\/v2\/product_tag?post=99413"}],"curies":[{"name":"wp","href":"https:\/\/api.w.org\/{rel}","templated":true}]}}