{"id":92009,"date":"2024-11-24T18:12:18","date_gmt":"2024-11-24T18:12:18","guid":{"rendered":"https:\/\/electromenagerexpress.com\/product\/casquefocalhadenys-marron\/"},"modified":"2024-12-29T23:47:32","modified_gmt":"2024-12-29T23:47:32","slug":"casquefocalhadenys-marron","status":"publish","type":"product","link":"https:\/\/electromenagerexpress.com\/en\/product\/casquefocalhadenys-marron\/","title":{"rendered":"Casque FOCAL Hadenys Marron"},"content":{"rendered":"<div class=\"product-features__content\">\n<ul role=\"list\">\n<li class=\"product-features__item\" role=\"listitem\">\n<h3 class=\"product-features__label\">Autonomie &amp; alimentation<\/h3>\n<ul role=\"list\">\n<li class=\"product-features__item-list__item\" role=\"listitem\"><span class=\"is--medium\">Autonomie totale :<\/span> Aucune\t\t\t\t\t<\/li>\n<li class=\"product-features__item-list__item\" role=\"listitem\"><span class=\"is--medium\">Autonomie en mode R\u00e9duction de bruit active (ANC) :<\/span> Aucune\t\t\t\t\t<\/li>\n<li class=\"product-features__item-list__item\" role=\"listitem\"><span class=\"is--medium\">Charge rapide :<\/span> non concern\u00e9\t\t\t\t\t<\/li>\n<\/ul>\n<\/li>\n<li class=\"product-features__item\" role=\"listitem\">\n<h3 class=\"product-features__label\">Fonctionnalit\u00e9s du casque<\/h3>\n<ul role=\"list\">\n<li class=\"product-features__item-list__item\" role=\"listitem\"><span class=\"is--medium\">Commandes tactiles :<\/span> Non concern\u00e9\t\t\t\t\t<\/li>\n<li class=\"product-features__item-list__item\" role=\"listitem\"><span class=\"is--medium\">Mode de contr\u00f4le :<\/span> sur l&rsquo;appareil de lecture\t\t\t\t\t<\/li>\n<li class=\"product-features__item-list__item\" role=\"listitem\"><span class=\"is--medium\">R\u00e9duction de bruit passive :<\/span> oui,l&rsquo;ergonomie du casque isole des bruits ambiants sans traitement technologique\t\t\t\t\t<\/li>\n<\/ul>\n<\/li>\n<li class=\"product-features__item\" role=\"listitem\">\n<h3 class=\"product-features__label\">Qualit\u00e9 audio et personnalisation du son<\/h3>\n<ul role=\"list\">\n<li class=\"product-features__item-list__item\" role=\"listitem\"><span class=\"is--medium\">R\u00e9ponse en fr\u00e9quence :<\/span> 25 \u00e0 21 000 Hz\t\t\t\t\t<\/li>\n<li class=\"product-features__item-list__item\" role=\"listitem\"><span class=\"is--medium\">Le saviez-vous ? :<\/span> Plus le premier chiffre est bas, plus les \u00e9couteurs pourront restituer des sons graves ; plus le deuxi\u00e8me chiffre est \u00e9lev\u00e9, plus ils pourront restituer des sons aigus\t\t\t\t\t<\/li>\n<li class=\"product-features__item-list__item\" role=\"listitem\"><span class=\"is--medium\">Sensibilit\u00e9 (dB) :<\/span> 100\t\t\t\t\t<\/li>\n<li class=\"product-features__item-list__item\" role=\"listitem\"><span class=\"is--medium\">Personnalisation via l&rsquo;application :<\/span> Non concern\u00e9\t\t\t\t\t<\/li>\n<li class=\"product-features__item-list__item\" role=\"listitem\"><span class=\"is--medium\">R\u00e9duction de dB pour enfants :<\/span> Non\t\t\t\t\t<\/li>\n<\/ul>\n<\/li>\n<li class=\"product-features__item\" role=\"listitem\">\n<h3 class=\"product-features__label\">Connectiques<\/h3>\n<ul role=\"list\">\n<li class=\"product-features__item-list__item\" role=\"listitem\"><span class=\"is--medium\">Connectique de charge :<\/span> Non concern\u00e9\t\t\t\t\t<\/li>\n<li class=\"product-features__item-list__item\" role=\"listitem\"><span class=\"is--medium\">Connectique audio :<\/span> Jack 6.35 mm\t\t\t\t\t<\/li>\n<\/ul>\n<\/li>\n<li class=\"product-features__item\" role=\"listitem\">\n<h3 class=\"product-features__label\">Connectivit\u00e9<\/h3>\n<ul role=\"list\">\n<li class=\"product-features__item-list__item\" role=\"listitem\"><span class=\"is--medium\">Filaire :<\/span> Oui\t\t\t\t\t<\/li>\n<li class=\"product-features__item-list__item\" role=\"listitem\"><span class=\"is--medium\">Type de Bluetooth :<\/span> non communiqu\u00e9\t\t\t\t\t<\/li>\n<li class=\"product-features__item-list__item\" role=\"listitem\"><span class=\"is--medium\">Compatibilit\u00e9 assistant vocal :<\/span> Non\t\t\t\t\t<\/li>\n<li class=\"product-features__item-list__item\" role=\"listitem\"><span class=\"is--medium\">C\u00e2ble :<\/span> 1,8 m\t\t\t\t\t<\/li>\n<li class=\"product-features__item-list__item\" role=\"listitem\"><span class=\"is--medium\">Type de connexion :<\/span> Filaire\t\t\t\t\t<\/li>\n<\/ul>\n<\/li>\n<li class=\"product-features__item\" role=\"listitem\">\n<h3 class=\"product-features__label\">Confort d&rsquo;utilisation<\/h3>\n<ul role=\"list\">\n<li class=\"product-features__item-list__item\" role=\"listitem\"><span class=\"is--medium\">Confort d&rsquo;\u00e9coute :<\/span> circum aural, il englobe l&rsquo;oreille\t\t\t\t\t<\/li>\n<li class=\"product-features__item-list__item\" role=\"listitem\"><span class=\"is--medium\">Indice d&rsquo;\u00e9tanch\u00e9it\u00e9 :<\/span> Non concern\u00e9\t\t\t\t\t<\/li>\n<li class=\"product-features__item-list__item\" role=\"listitem\"><span class=\"is--medium\">Facilit\u00e9 de rangement :<\/span> rangement \u00e0 plat\t\t\t\t\t<\/li>\n<li class=\"product-features__item-list__item\" role=\"listitem\"><span class=\"is--medium\">Mati\u00e8re des coussinets :<\/span> Tissu\t\t\t\t\t<\/li>\n<li class=\"product-features__item-list__item\" role=\"listitem\"><span class=\"is--medium\">Oreillettes pivotantes :<\/span> Oui\t\t\t\t\t<\/li>\n<\/ul>\n<\/li>\n<li class=\"product-features__item\" role=\"listitem\">\n<h3 class=\"product-features__label\">Dimensions<\/h3>\n<ul role=\"list\">\n<li class=\"product-features__item-list__item\" role=\"listitem\"><span class=\"is--medium\">Dimensions l x h x p :<\/span> 21 x 24 x 7 cm\t\t\t\t\t<\/li>\n<li class=\"product-features__item-list__item\" role=\"listitem\"><span class=\"is--medium\">Poids :<\/span> 294 g\t\t\t\t\t<\/li>\n<\/ul>\n<\/li>\n<li class=\"product-features__item\" role=\"listitem\">\n<h3 class=\"product-features__label\">Informations compl\u00e9mentaires<\/h3>\n<ul role=\"list\">\n<li class=\"product-features__item-list__item\" role=\"listitem\"><span class=\"is--medium\">R\u00e9f\u00e9rence constructeur :<\/span> Hadenys Marron\t\t\t\t\t<\/li>\n<li class=\"product-features__item-list__item\" role=\"listitem\"><span class=\"is--medium\">Marque :<\/span> FOCAL\t\t\t\t\t<\/li>\n<li class=\"product-features__item-list__item\" role=\"listitem\"><span class=\"is--medium\">Garantie :<\/span> 2 ans\t\t\t\t\t<\/li>\n<li class=\"product-features__item-list__item\" role=\"listitem\"><span class=\"is--medium\">Disponibilit\u00e9 des pi\u00e8ces d\u00e9tach\u00e9es (donn\u00e9es fournisseur) :<\/span> Pendant 2 ans, \u00e0 compter de la date d&rsquo;achat\t\t\t\t\t<\/li>\n<li class=\"product-features__item-list__item\" role=\"listitem\"><span class=\"is--medium\">Fabriqu\u00e9 en :<\/span> France\t\t\t\t\t<\/li>\n<\/ul>\n<\/li>\n<\/ul>\n<\/div>\n<div class=\"product__disclosure-content\">\n<div class=\"js-read-more product-description__content read-more read-more--truncated\" data-read-more-name=\"description\" style=\"max-height: 500px;overflow: hidden\">\n<div class=\"product__description-content read-more\">\n<p>Casque FOCAL Hadenys Marron : L&rsquo;Excellence Acoustique \u00e0 la Fran\u00e7aise<\/p>\n<h3> <img fetchpriority=\"high\" decoding=\"async\" alt=\"Casque FOCAL Hadenys Marron\" class=\"wy_tableau_gauche\" height=\"270\" src=\"https:\/\/boulanger.scene7.com\/is\/image\/Boulanger\/3544057727161_h_f_l_0?wid=400&amp;hei=270\" width=\"400\" \/>Une immersion sonore de haute fid\u00e9lit\u00e9                    <\/h3>\n<p>                        Le casque FOCAL Hadenys Marron est une v\u00e9ritable prouesse technologique con\u00e7ue pour les audiophiles exigeants. Fabriqu\u00e9 avec soin dans les ateliers Focal en France, ce casque ouvert circum-aural offre une exp\u00e9rience sonore d&rsquo;une richesse incomparable. Gr\u00e2ce \u00e0 ses haut-parleurs exclusifs de 40 mm en Aluminium\/Magn\u00e9sium, il d\u00e9livre une r\u00e9ponse en fr\u00e9quence \u00e9tendue de 25 Hz \u00e0 22 kHz et une sensibilit\u00e9 de 100 dB SPL \/ 1 mW @ 1 kHz, assurant ainsi une profondeur et une pr\u00e9cision sonores exceptionnelles. Le son naturellement d\u00e9taill\u00e9, chaleureux et dynamique, est sublim\u00e9 par une distorsion harmonique totale (THD) contenue \u00e0 0,2 %, garantissant une clart\u00e9 parfaite m\u00eame \u00e0 haut volume.                    <\/p>\n<\/p>\n<h3> <img decoding=\"async\" alt=\"Casque FOCAL Hadenys Marron\" class=\"wy_tableau_right\" height=\"270\" src=\"https:\/\/boulanger.scene7.com\/is\/image\/Boulanger\/3544057727161_h_f_l_1?wid=400&amp;hei=270\" width=\"400\" \/>Confort et design \u00e9l\u00e9gant pour une \u00e9coute prolong\u00e9e                    <\/h3>\n<p>                        Le FOCAL Hadenys ne se contente pas d&rsquo;offrir une qualit\u00e9 sonore sup\u00e9rieure, il brille \u00e9galement par son confort et son esth\u00e9tique soign\u00e9e. L&rsquo;arceau en cuir v\u00e9ritable et textile respirant, associ\u00e9 \u00e0 des coussinets \u00e0 m\u00e9moire de forme, assure un confort optimal durant de longues sessions d&rsquo;\u00e9coute. Le yoke en Magn\u00e9sium, l\u00e9ger et r\u00e9sistant, s&rsquo;ajuste parfaitement \u00e0 la morphologie de l&rsquo;utilisateur. La finition marron, inspir\u00e9e de l&rsquo;Had\u00e9en, \u00e9voque la puissance et la min\u00e9ralit\u00e9 des origines de la Terre, conf\u00e9rant au casque une allure aussi tendance qu&rsquo;intemporelle. Avec un poids de seulement 294 g et une grille en nid d&rsquo;abeille favorisant l&rsquo;ouverture acoustique, le Hadenys est un casque aussi agr\u00e9able \u00e0 porter qu&rsquo;\u00e0 regarder. La valise de transport fournie et le c\u00e2ble mini jack de 1,80 m avec adaptateur jack 6,3mm compl\u00e8tent cet ensemble pour une utilisation ais\u00e9e \u00e0 domicile.                    <\/p>\n<\/p><\/div>\n<\/p>\n<\/div>\n<p>Voir plus<\/p><\/div>","protected":false},"excerpt":{"rendered":"<div class=\"keypoints\">\n<h3 class=\"keypoints__title\">Les points cl\u00e9s<\/h3>\n<ul role=\"list\">\n<li class=\"keypoints__item\" role=\"listitem\">                          Autonomie totale : Aucune &#8211;                                                      Filaire                      <\/li>\n<li class=\"keypoints__item\" role=\"listitem\">                                        Englobe l&rsquo;oreille (circum-aural)                      <\/li>\n<li class=\"keypoints__item keypoints__item--advantage\" role=\"listitem\"><strong>Le + :<\/strong> La conception ouverte garantit une spatialisation sonore naturelle et une sensation d&rsquo;ouverture.      <\/li>\n<\/ul>","protected":false},"featured_media":92008,"template":"","meta":{"_glsr_average":0,"_glsr_ranking":0,"_glsr_reviews":0},"product_cat":[516],"product_tag":[517,451],"class_list":{"0":"post-92009","1":"product","2":"type-product","3":"status-publish","4":"has-post-thumbnail","6":"product_cat-casque-audio","7":"product_tag-casque-audio","8":"product_tag-tv-image-son","10":"first","11":"instock","12":"sale","13":"shipping-taxable","14":"purchasable","15":"product-type-simple"},"_links":{"self":[{"href":"https:\/\/electromenagerexpress.com\/en\/wp-json\/wp\/v2\/product\/92009","targetHints":{"allow":["GET"]}}],"collection":[{"href":"https:\/\/electromenagerexpress.com\/en\/wp-json\/wp\/v2\/product"}],"about":[{"href":"https:\/\/electromenagerexpress.com\/en\/wp-json\/wp\/v2\/types\/product"}],"wp:featuredmedia":[{"embeddable":true,"href":"https:\/\/electromenagerexpress.com\/en\/wp-json\/wp\/v2\/media\/92008"}],"wp:attachment":[{"href":"https:\/\/electromenagerexpress.com\/en\/wp-json\/wp\/v2\/media?parent=92009"}],"wp:term":[{"taxonomy":"product_cat","embeddable":true,"href":"https:\/\/electromenagerexpress.com\/en\/wp-json\/wp\/v2\/product_cat?post=92009"},{"taxonomy":"product_tag","embeddable":true,"href":"https:\/\/electromenagerexpress.com\/en\/wp-json\/wp\/v2\/product_tag?post=92009"}],"curies":[{"name":"wp","href":"https:\/\/api.w.org\/{rel}","templated":true}]}}