{"id":39761,"date":"2024-11-21T15:43:29","date_gmt":"2024-11-21T15:43:29","guid":{"rendered":"https:\/\/electromenagerexpress.com\/product\/cave-a-vin-de-servicele-chaipro680m\/"},"modified":"2024-11-21T15:43:30","modified_gmt":"2024-11-21T15:43:30","slug":"cave-a-vin-de-servicele-chaipro680m","status":"publish","type":"product","link":"https:\/\/electromenagerexpress.com\/en\/product\/cave-a-vin-de-servicele-chaipro680m\/","title":{"rendered":"Cave \u00e0 vin de service\t\t\t\t\t\t\tLE CHAI\t\t\t\tPRO680M"},"content":{"rendered":"<div class=\"product-features__content\">\n<ul role=\"list\">\n<li class=\"product-features__item\" role=\"listitem\">\n<h3 class=\"product-features__label\">Nos services de livraison<\/h3>\n<ul role=\"list\">\n<li class=\"product-features__item-list__item\" role=\"listitem\"><span class=\"is--medium\">Livraison et reprise de votre ancien appareil offerts \u00e0 partir de 379 \u20ac :<\/span> <a href=\"https:\/\/www.boulanger.com\/evenement\/livraison-domicile\" target=\"_blank\">en sa<\/a><\/li>\n<\/ul>\n<\/li>\n<li class=\"product-features__item\" role=\"listitem\">\n<h3 class=\"product-features__label\">Choisir ce produit pour quel usage ?<\/h3>\n<ul role=\"list\">\n<li class=\"product-features__item-list__item\" role=\"listitem\"><span class=\"is--medium\">Type d&rsquo;appareil :<\/span> cave de service, elle permet de servir le vin \u00e0 une temp\u00e9rature id\u00e9ale. Parfaite pour les d\u00e9gustateurs fins et r\u00e9guliers. Elle peut \u00e9galement compl\u00e9ter une cave traditionnelle enterr\u00e9e.\t\t\t\t\t<\/li>\n<li class=\"product-features__item-list__item\" role=\"listitem\"><span class=\"is--medium\">Type d&rsquo;installation :<\/span> pose libre et encastrable\t\t\t\t\t<\/li>\n<li class=\"product-features__item-list__item\" role=\"listitem\"><span class=\"is--medium\">Comment choisir ma cave \u00e0 vin ? :<\/span> d\u00e9couvrez nos conseils en <a href=\"https:\/\/www.boulanger.com\/evenement\/cave-a-vin\" target=\"_blank\">en sa<\/a><\/li>\n<\/ul>\n<\/li>\n<li class=\"product-features__item\" role=\"listitem\">\n<h3 class=\"product-features__label\">Agencement et esthetique<\/h3>\n<ul role=\"list\">\n<li class=\"product-features__item-list__item\" role=\"listitem\"><span class=\"is--medium\">Nombre de bouteilles (type bordelaises l\u00e9g\u00e8res) :<\/span> 68\t\t\t\t\t<\/li>\n<li class=\"product-features__item-list__item\" role=\"listitem\"><span class=\"is--medium\">Le saviez-vous ? :<\/span> La capacit\u00e9 annonc\u00e9e est la capacit\u00e9 maximale mesur\u00e9e selon le standard europ\u00e9en EN62552. Ce standard est calcul\u00e9 avec des bouteilles 75cl type bordeaux tradition. La capacit\u00e9 annonc\u00e9e correspond donc au nombre de bouteilles de bordeaux possibles avec le nombre de clayettes fournies dans la cave.\t\t\t\t\t<\/li>\n<li class=\"product-features__item-list__item\" role=\"listitem\"><span class=\"is--medium\">Nombre de clayette(s) :<\/span> 6\t\t\t\t\t<\/li>\n<li class=\"product-features__item-list__item\" role=\"listitem\"><span class=\"is--medium\">Mat\u00e9riau des clayettes :<\/span> m\u00e9tal, facile \u00e0 nettoyer, \u00e0 entretenir, durable, offre une grande capacit\u00e9 de stockage, une bonne visibilit\u00e9 et une esth\u00e9tique moderne\t\t\t\t\t<\/li>\n<li class=\"product-features__item-list__item\" role=\"listitem\"><span class=\"is--medium\">Type de vin possible :<\/span> Un seul type de vin\t\t\t\t\t<\/li>\n<li class=\"product-features__item-list__item\" role=\"listitem\"><span class=\"is--medium\">Eclairage :<\/span> non\t\t\t\t\t<\/li>\n<li class=\"product-features__item-list__item\" role=\"listitem\"><span class=\"is--medium\">Coloris :<\/span> noir\t\t\t\t\t<\/li>\n<\/ul>\n<\/li>\n<li class=\"product-features__item\" role=\"listitem\">\n<h3 class=\"product-features__label\">Conditions optimales<\/h3>\n<ul role=\"list\">\n<li class=\"product-features__item-list__item\" role=\"listitem\"><span class=\"is--medium\">Type de porte :<\/span> vitr\u00e9e, permet de visualiser facilement les bouteilles sans avoir \u00e0 ouvrir la porte, ce qui r\u00e9duit la circulation de l&rsquo;air dans la cave et donc la variation de la temp\u00e9rature. Le traitement anti-uv prot\u00e8ge le contenu.\t\t\t\t\t<\/li>\n<li class=\"product-features__item-list__item\" role=\"listitem\"><span class=\"is--medium\">Cave :<\/span> mono-temp\u00e9rature\t\t\t\t\t<\/li>\n<li class=\"product-features__item-list__item\" role=\"listitem\"><span class=\"is--medium\">Conseil de rangement :<\/span> rangez du haut vers le bas vins rouges forts, vins ros\u00e9s ou rouges moyens, vins blancs\t\t\t\t\t<\/li>\n<li class=\"product-features__item-list__item\" role=\"listitem\"><span class=\"is--medium\">Classe climatique :<\/span> la classe climatique SN-ST, ou classe subtropicale \u00e9largie (de 10\u00b0C \u00e0 38\u00b0C), permet un fonctionnement optimum dans des pi\u00e8ces \u00e0 temp\u00e9ratures basses. Id\u00e9ale pour une installation dans un garage, une v\u00e9randa ou une cave.\t\t\t\t\t<\/li>\n<li class=\"product-features__item-list__item\" role=\"listitem\"><span class=\"is--medium\">Zones de temp\u00e9ratures :<\/span> 1\t\t\t\t\t<\/li>\n<li class=\"product-features__item-list__item\" role=\"listitem\"><span class=\"is--medium\">A quoi servent les zones de temp\u00e9ratures ? :<\/span> elles permettent de stocker diff\u00e9rents types de vin dans des conditions de temp\u00e9rature optimales pour leur conservation et leur vieillissement afin de maintenir leur qualit\u00e9 et leur go\u00fbt \u00e0 long terme.\t\t\t\t\t<\/li>\n<li class=\"product-features__item-list__item\" role=\"listitem\"><span class=\"is--medium\">R\u00e9glage de la temp\u00e9rature :<\/span> \u00e9lectronique, permet d&rsquo;afficher la temp\u00e9rature et de la r\u00e9gler comme souhait\u00e9e\t\t\t\t\t<\/li>\n<li class=\"product-features__item-list__item\" role=\"listitem\"><span class=\"is--medium\">R\u00e9glage hygrom\u00e9trie :<\/span> Non\t\t\t\t\t<\/li>\n<li class=\"product-features__item-list__item\" role=\"listitem\"><span class=\"is--medium\">Filtre \u00e0 charbon :<\/span> Oui\t\t\t\t\t<\/li>\n<li class=\"product-features__item-list__item\" role=\"listitem\"><span class=\"is--medium\">A quoi sert le filtre \u00e0 charbon ? :<\/span> il permet de maintenir une atmosph\u00e8re saine et exempt\u00e9e d&rsquo;odeurs ind\u00e9sirables qui pourraient affecter la qualit\u00e9 du vin. Le filtre \u00e0 charbon absorbe les odeurs et les impuret\u00e9s de l&rsquo;air, tout en les emp\u00eachant d&rsquo;entrer en contact avec le vin.\t\t\t\t\t<\/li>\n<li class=\"product-features__item-list__item\" role=\"listitem\"><span class=\"is--medium\">Anti vibration :<\/span> oui, permet de r\u00e9duire les vibrations qui peuvent affecter la qualit\u00e9 du vin en perturbant les s\u00e9diments et la stabilit\u00e9 des bouchons en li\u00e8ge\t\t\t\t\t<\/li>\n<\/ul>\n<\/li>\n<li class=\"product-features__item\" role=\"listitem\">\n<h3 class=\"product-features__label\">Equipement<\/h3>\n<ul role=\"list\">\n<li class=\"product-features__item-list__item\" role=\"listitem\"><span class=\"is--medium\">Fermeture \u00e0 serrure :<\/span> non\t\t\t\t\t<\/li>\n<li class=\"product-features__item-list__item\" role=\"listitem\"><span class=\"is--medium\">Pieds r\u00e9glables :<\/span> non\t\t\t\t\t<\/li>\n<li class=\"product-features__item-list__item\" role=\"listitem\"><span class=\"is--medium\">Roulettes :<\/span> Non\t\t\t\t\t<\/li>\n<li class=\"product-features__item-list__item\" role=\"listitem\"><span class=\"is--medium\">Niveau sonore :<\/span> niveau sonore standard (42 db)\t\t\t\t\t<\/li>\n<li class=\"product-features__item-list__item\" role=\"listitem\"><span class=\"is--medium\">Classe d&rsquo;\u00e9mission de bruit acoustique dans l&rsquo;air :<\/span> D\t\t\t\t\t<\/li>\n<li class=\"product-features__item-list__item\" role=\"listitem\"><span class=\"is--medium\">Connect\u00e9e wifi :<\/span> non\t\t\t\t\t<\/li>\n<li class=\"product-features__item-list__item\" role=\"listitem\"><span class=\"is--medium\">Label \u00e9nergie :<\/span> G\t\t\t\t\t<\/li>\n<li class=\"product-features__item-list__item\" role=\"listitem\"><span class=\"is--medium\">Consommation :<\/span> 157 kWh\/an\t\t\t\t\t<\/li>\n<li class=\"product-features__item-list__item\" role=\"listitem\"><span class=\"is--medium\">Co\u00fbt annuel d&rsquo;utilisation (calcul\u00e9 selon un co\u00fbt unitaire en \u00e9l\u00e9ctricit\u00e9 de 0.2062 euros\/Kwh) :<\/span> 40 euros par an\t\t\t\t\t<\/li>\n<\/ul>\n<\/li>\n<li class=\"product-features__item\" role=\"listitem\">\n<h3 class=\"product-features__label\">Dimensions<\/h3>\n<ul role=\"list\">\n<li class=\"product-features__item-list__item\" role=\"listitem\"><span class=\"is--medium\">L x H x P :<\/span> 59.5 x 120 x 70 cm\t\t\t\t\t<\/li>\n<li class=\"product-features__item-list__item\" role=\"listitem\"><span class=\"is--medium\">Poids net :<\/span> 70,0 kg\t\t\t\t\t<\/li>\n<li class=\"product-features__item-list__item\" role=\"listitem\"><span class=\"is--medium\">Poids brut :<\/span> 75,0 kg\t\t\t\t\t<\/li>\n<\/ul>\n<\/li>\n<li class=\"product-features__item\" role=\"listitem\">\n<h3 class=\"product-features__label\">Informations compl\u00e9mentaires<\/h3>\n<ul role=\"list\">\n<li class=\"product-features__item-list__item\" role=\"listitem\"><span class=\"is--medium\">Garantie :<\/span> 2 ans\t\t\t\t\t<\/li>\n<li class=\"product-features__item-list__item\" role=\"listitem\"><span class=\"is--medium\">Disponibilit\u00e9 des pi\u00e8ces d\u00e9tach\u00e9es (donn\u00e9es fournisseur) :<\/span> Pendant 4 ans, \u00e0 compter de la date d&rsquo;achat\t\t\t\t\t<\/li>\n<li class=\"product-features__item-list__item\" role=\"listitem\"><span class=\"is--medium\">Fabriqu\u00e9 en :<\/span> Chine\t\t\t\t\t<\/li>\n<li class=\"product-features__item-list__item\" role=\"listitem\"><span class=\"is--medium\">Marque :<\/span> LE CHAI\t\t\t\t\t<\/li>\n<li class=\"product-features__item-list__item\" role=\"listitem\"><span class=\"is--medium\">R\u00e9f\u00e9rence constructeur :<\/span> PRO680M\t\t\t\t\t<\/li>\n<li class=\"product-features__item-list__item\" role=\"listitem\"><span class=\"is--medium\">Les services boulanger :<\/span> <a href=\"https:\/\/www.boulanger.com\/evenement\/livraison-domicile\" target=\"_blank\">cliquez ici pour d\u00e9couvrir tous nos services<\/a><\/li>\n<\/ul>\n<\/li>\n<li class=\"product-features__item\" role=\"listitem\">\n<h3 class=\"product-features__label\">Boulanger INFINITY<\/h3>\n<ul role=\"list\">\n<li class=\"product-features__item-list__item\" role=\"listitem\"><span class=\"is--medium\">R\u00e9parez en illimit\u00e9* vos appareils achet\u00e9s chez Boulanger ou ailleurs (*conditions d\u00e9taill\u00e9es dans la notice d&rsquo;information de la garantie Boulanger INFINITY) :<\/span> <a href=\"http:\/\/www.boulanger.com\/evenement\/boulanger-infinity\" target=\"_blank\">en sa<\/a><\/li>\n<\/ul>\n<\/li>\n<\/ul>\n<\/div>\n<div class=\"product__disclosure-content\">\n<div class=\"js-read-more product-description__content read-more read-more--truncated\" data-read-more-name=\"description\" style=\"max-height: 500px; overflow: hidden;\">\n<p>Le Chai met \u00e0 votre disposition une cave \u00e0 vin encastrable \u00e9l\u00e9gante et performante pour sublimer vos bouteilles favorites.<\/p>\n<h3><img fetchpriority=\"high\" decoding=\"async\" ,=\"\" alt=\"Cave \u00e0 vin LE CHAI PRO680M\" class=\"wy_tableau_gauche\" height=\"270\" src=\"https:\/\/boulanger.scene7.com\/is\/image\/Boulanger\/3260449046671_h_f_l_0?wid=400&amp;hei=270\" width=\"400\"\/>Conservation longue dur\u00e9e<\/h3>\n<p>Offrez \u00e0 vos bouteilles une <b>conservation optimale dans un \u00e9crin \u00e9l\u00e9gant<\/b> avec la cave \u00e0 vin Pro 680M sign\u00e9e Le Chai. Un volume utile confortable accueille jusqu&rsquo;\u00e0 68 bouteilles dans une temp\u00e9rature r\u00e9glable entre 5 et 22\u00b0C. <b>Cinq clayettes accueillent confortablement vos vins favoris et un syst\u00e8me de coulissement<\/b> vous permet une utilisation simple et intuitive.<\/p>\n<p>Les clayettes m\u00e9talliques dispos\u00e9es en Z de la cave \u00e0 vin Pro 680M assurent \u00e0 vos bouteilles un <b>maintien parfait et une solidit\u00e9 durable<\/b> tout en pr\u00e9sentant \u00e9l\u00e9gamment les \u00e9tiquettes de vos bouteilles. Le Chai a dot\u00e9 cette cave \u00e0 vin d&rsquo;une porte r\u00e9versible, pour personnaliser l&rsquo;ouverture de l&rsquo;appareil selon vos envies et vos besoins. Cette porte dispose d&rsquo;un <b>triple vitrage anti-UV<\/b> qui vous permet de parcourir l&rsquo;int\u00e9rieur de la cave en un coup d&rsquo;oeil tout en prot\u00e9geant vos bouteilles de la lumi\u00e8re.<\/p>\n<h3><img decoding=\"async\" ,=\"\" alt=\"Cave \u00e0 vin LE CHAI PRO680M\" class=\"wy_tableau_right\" height=\"270\" src=\"https:\/\/boulanger.scene7.com\/is\/image\/Boulanger\/3260449046671_h_f_l_1?wid=400&amp;hei=270\" width=\"400\"\/>Un design au service du quotidien<\/h3>\n<p>Encastrable ou simplement posable gr\u00e2ce \u00e0 ses <b>dimensions pratiques<\/b>, votre cave \u00e0 vin Le Chai Pro 680M <b>s&rsquo;int\u00e8gre parfaitement \u00e0 votre int\u00e9rieur ou votre local sans sacrifier de place<\/b>. Un <b>syst\u00e8me de filtre \u00e0 charbon<\/b>fait de votre cave \u00e0 vin Pro 680M un appareil sobre et consciencieux, qui d\u00e9livre des performances durables et saines.<\/p>\n<p>Pens\u00e9e par Le Chai pour une <b>utilisation simple au quotidien<\/b>, la cave \u00e0 vin Pro 680M est \u00e9quip\u00e9e d&rsquo;un \u00e9clairage LED \u00e9l\u00e9gant pour vous offrir une <b>vue d&rsquo;ensemble sur vos bouteilles<\/b>. La gestion des temp\u00e9ratures se fait gr\u00e2ce \u00e0 l&rsquo;\u00e9l\u00e9gant tableau \u00e9lectronique LED situ\u00e9 \u00e0 l&rsquo;int\u00e9rieur de l&rsquo;appareil. C&rsquo;est la <b>cave id\u00e9ale pour les cavistes et les restaurateurs<\/b>.<\/p>\n<\/p>\n<\/div>\n<p><bl-button a11yexpanded=\"false\" arialabel=\"Afficher toute la description\" class=\"read-more__btn\" full=\"false\" link=\"true\"><\/bl-button><\/div>","protected":false},"excerpt":{"rendered":"<div class=\"keypoints\">\n<h3 class=\"keypoints__title\">Les points cl\u00e9s<\/h3>\n<ul role=\"list\">\n<li class=\"keypoints__item\" role=\"listitem\">                          Nombre de bouteilles : 68 &#8211;                                                      Nombre de clayette(s) : 6                      <\/li>\n<li class=\"keypoints__item\" role=\"listitem\">                                        L x H x P : 59.5 x 120 x 70 cm                      <\/li>\n<li class=\"keypoints__item\" role=\"listitem\">                          R\u00e9glage temp\u00e9rature : \u00e9lectronique via \u00e9cran &#8211;                                                      Nombre de zones : 1 zone                      <\/li>\n<li class=\"keypoints__item\" role=\"listitem\">                                        Niveau sonore : Niveau sonore de 42 dB                      <\/li>\n<li class=\"keypoints__item keypoints__item--advantage\" role=\"listitem\"><strong>Le + :<\/strong> Son syst\u00e8me de clayettes en Z vous permettant de voir les \u00e9tiquettes de vos bouteilles      <\/li>\n<\/ul>","protected":false},"featured_media":35728,"template":"","meta":{"_glsr_average":0,"_glsr_ranking":0,"_glsr_reviews":0},"product_cat":[270],"product_tag":[195,271,131],"class_list":{"0":"post-39761","1":"product","2":"type-product","3":"status-publish","4":"has-post-thumbnail","6":"product_cat-cave-de-service","7":"product_tag-cave-a-vin","8":"product_tag-cave-de-service","9":"product_tag-gros-electromenager","11":"first","12":"instock","13":"sale","14":"shipping-taxable","15":"purchasable","16":"product-type-simple"},"_links":{"self":[{"href":"https:\/\/electromenagerexpress.com\/en\/wp-json\/wp\/v2\/product\/39761","targetHints":{"allow":["GET"]}}],"collection":[{"href":"https:\/\/electromenagerexpress.com\/en\/wp-json\/wp\/v2\/product"}],"about":[{"href":"https:\/\/electromenagerexpress.com\/en\/wp-json\/wp\/v2\/types\/product"}],"wp:featuredmedia":[{"embeddable":true,"href":"https:\/\/electromenagerexpress.com\/en\/wp-json\/wp\/v2\/media\/35728"}],"wp:attachment":[{"href":"https:\/\/electromenagerexpress.com\/en\/wp-json\/wp\/v2\/media?parent=39761"}],"wp:term":[{"taxonomy":"product_cat","embeddable":true,"href":"https:\/\/electromenagerexpress.com\/en\/wp-json\/wp\/v2\/product_cat?post=39761"},{"taxonomy":"product_tag","embeddable":true,"href":"https:\/\/electromenagerexpress.com\/en\/wp-json\/wp\/v2\/product_tag?post=39761"}],"curies":[{"name":"wp","href":"https:\/\/api.w.org\/{rel}","templated":true}]}}