{"id":37297,"date":"2024-11-21T13:09:27","date_gmt":"2024-11-21T13:09:27","guid":{"rendered":"https:\/\/electromenagerexpress.com\/product\/congelateur-armoireliebherrfnd7227-22\/"},"modified":"2024-11-29T08:18:09","modified_gmt":"2024-11-29T08:18:09","slug":"congelateur-armoireliebherrfnd7227-22","status":"publish","type":"product","link":"https:\/\/electromenagerexpress.com\/en\/product\/congelateur-armoireliebherrfnd7227-22\/","title":{"rendered":"Cong\u00e9lateur armoire LIEBHERR FNd7227-22"},"content":{"rendered":"<div class=\"product-features__content\">\n<h3 class=\"product-features__label\">\u00a0 \u00a0 \u00a0 \u00a0 \u00a0 \u00a0 Cong\u00e9lateur<\/h3>\n<ul role=\"list\">\n<li style=\"list-style-type: none;\">\n<ul role=\"list\">\n<li class=\"product-features__item-list__item\" role=\"listitem\"><span class=\"is--medium\">Format :<\/span> armoire (\u00e0 tiroirs) permet d&rsquo;organiser id\u00e9alement le rangement des aliments et d&rsquo;acc\u00e9der facilement \u00e0 chaque compartiment<\/li>\n<li class=\"product-features__item-list__item\" role=\"listitem\"><span class=\"is--medium\">Id\u00e9al pour :<\/span> un acc\u00e8s r\u00e9gulier et organis\u00e9 au cong\u00e9lateur<\/li>\n<li class=\"product-features__item-list__item\" role=\"listitem\"><span class=\"is--medium\">Type de froid :<\/span> ventil\u00e9 (no frost), permet une r\u00e9partition homog\u00e8ne du froid. Il offre un d\u00e9givrage automatique pour ne jamais avoir \u00e0 le faire manuellement<\/li>\n<li class=\"product-features__item-list__item\" role=\"listitem\"><span class=\"is--medium\">Espace modulable :<\/span> oui, possibilit\u00e9 d&rsquo;optimiser l&rsquo;espace en retirant un ou des tiroirs et les clayettes<\/li>\n<li class=\"product-features__item-list__item\" role=\"listitem\"><span class=\"is--medium\">Couleur :<\/span> blanc<br \/>\n<h3 class=\"product-features__label\">Type d&rsquo;installation<\/h3>\n<ul role=\"list\">\n<li class=\"product-features__item-list__item\" role=\"listitem\"><span class=\"is--medium\">Pose de l&rsquo;appareil :<\/span> pose libre, peut \u00eatre install\u00e9 librement dans n&rsquo;importe quelle pi\u00e8ce de la maison<\/li>\n<li class=\"product-features__item-list__item\" role=\"listitem\"><span class=\"is--medium\">Classe climatique ( temp\u00e9rature de la pi\u00e8ce ) :<\/span> la classe climatique SN-T,ou classe tropicale \u00e9largie (de 10\u00b0C \u00e0 43 C ), permet un fonctionnement optimum dans des pi\u00e8ces \u00e0 temp\u00e9ratures basses ou \u00e9lev\u00e9es. Id\u00e9ale pour une installation dans un garage, une v\u00e9randa ou une cave<\/li>\n<li class=\"product-features__item-list__item\" role=\"listitem\"><span class=\"is--medium\">Convient pour une pi\u00e8ce non chauff\u00e9e :<\/span> oui, jusqu&rsquo;\u00e0 -15\u00b0C<\/li>\n<li class=\"product-features__item-list__item\" role=\"listitem\"><span class=\"is--medium\">Installation contre un mur :<\/span> le cong\u00e9lateur n\u00e9cessite d&rsquo;\u00eatre install\u00e9 \u00e0 3 &#8211; 4 cm du mur pour acc\u00e9der facilement aux tiroirs<\/li>\n<li class=\"product-features__item-list__item\" role=\"listitem\"><span class=\"is--medium\">Sens d&rsquo;ouverture de la porte :<\/span> fixation \u00e0 droite r\u00e9versible, permet de changer le sens d&rsquo;ouverture de la porte pour faciliter l&rsquo;acc\u00e8s au cong\u00e9lateur selon l&rsquo;agencement de la pi\u00e8ce. Ce changement peut s&rsquo;effectuer lors de l&rsquo;installation ( \u00e0 signaler au moment de la commande).<\/li>\n<li class=\"product-features__item-list__item\" role=\"listitem\"><span class=\"is--medium\">Type de poign\u00e9e :<\/span> int\u00e9gr\u00e9e, elles sont invisibles pour un rendu esth\u00e9tique<\/li>\n<li class=\"product-features__item-list__item\" role=\"listitem\"><span class=\"is--medium\">N\u00e9cessite une arriv\u00e9e d&rsquo;eau :<\/span> non<\/li>\n<li class=\"product-features__item-list__item\" role=\"listitem\"><span class=\"is--medium\">Porte d&rsquo;habillage :<\/span> Elle n&rsquo;est pas n\u00e9cessaire pour cet appareil<\/li>\n<li class=\"product-features__item-list__item\" role=\"listitem\"><span class=\"is--medium\">Porte(s) r\u00e9versible(s) :<\/span> Oui. Vous permet de changer le sens d&rsquo;ouverture de la porte. Ce changement peut s&rsquo;effectuer lors de l&rsquo;installation (\u00e0 demander au moment de votre commande) ou par vous-m\u00eame par la suite<br \/>\n<h3 class=\"product-features__label\">Fonctionnalit\u00e9s et s\u00e9curit\u00e9<\/h3>\n<ul role=\"list\">\n<li class=\"product-features__item-list__item\" role=\"listitem\"><span class=\"is--medium\">Capacit\u00e9 de cong\u00e9lation :<\/span> 19 kg\/24h<\/li>\n<li class=\"product-features__item-list__item\" role=\"listitem\"><span class=\"is--medium\">Super cong\u00e9lation :<\/span> oui, la cong\u00e9lation rapide permet d&rsquo;acc\u00e9l\u00e9rer la baisse de la temp\u00e9rature pour congeler rapidement les aliments en conservant leurs saveurs et nutriments<\/li>\n<li class=\"product-features__item-list__item\" role=\"listitem\"><span class=\"is--medium\">Autonomie en cas de coupure de courant :<\/span> 19 h<\/li>\n<li class=\"product-features__item-list__item\" role=\"listitem\"><span class=\"is--medium\">Alarme d&rsquo;ouverture de porte :<\/span> visuelle et sonore<\/li>\n<li class=\"product-features__item-list__item\" role=\"listitem\"><span class=\"is--medium\">Alarme de remont\u00e9e en temp\u00e9rature :<\/span> visuelle et sonore<\/li>\n<li class=\"product-features__item-list__item\" role=\"listitem\"><span class=\"is--medium\">Serrure :<\/span> non<\/li>\n<li class=\"product-features__item-list__item\" role=\"listitem\"><span class=\"is--medium\">Connect\u00e9 :<\/span> en option, permet de contr\u00f4ler \u00e0 distance la temp\u00e9rature et de diagnostiquer une panne<br \/>\n<h3 class=\"product-features__label\">Confort d&rsquo;utilisation<\/h3>\n<ul role=\"list\">\n<li class=\"product-features__item-list__item\" role=\"listitem\"><span class=\"is--medium\">Niveau sonore :<\/span> silencieux 37 dB<\/li>\n<li class=\"product-features__item-list__item\" role=\"listitem\"><span class=\"is--medium\">Eclairage int\u00e9rieur :<\/span> non<\/li>\n<li class=\"product-features__item-list__item\" role=\"listitem\"><span class=\"is--medium\">Syst\u00e8me \u00e0 gla\u00e7ons :<\/span> non concern\u00e9<\/li>\n<li class=\"product-features__item-list__item\" role=\"listitem\"><span class=\"is--medium\">Panneau de commandes :<\/span> int\u00e9rieur tactile<\/li>\n<li class=\"product-features__item-list__item\" role=\"listitem\"><span class=\"is--medium\">Mode shabbat :<\/span> oui, ce mode d\u00e9sactive certaines fonctionnalit\u00e9s \u00e9lectroniques comme l&rsquo;\u00e9clairage int\u00e9rieur, l&rsquo;alarme d&rsquo;ouverture de porte , l&rsquo;alarme de temp\u00e9rature et le ventilateur int\u00e9rieur selon vos besoins<\/li>\n<\/ul>\n<\/li>\n<\/ul>\n<\/li>\n<\/ul>\n<\/li>\n<\/ul>\n<\/li>\n<li class=\"product-features__item\" role=\"listitem\">\n<h3 class=\"product-features__label\">Consommation<\/h3>\n<ul role=\"list\">\n<li class=\"product-features__item-list__item\" role=\"listitem\"><span class=\"is--medium\">Consommation :<\/span> D<\/li>\n<li class=\"product-features__item-list__item\" role=\"listitem\"><span class=\"is--medium\">Economie d&rsquo;\u00e9nergie :<\/span> jusqu&rsquo;\u00e0 40% d&rsquo;\u00e9conomie d&rsquo;\u00e9nergie par rapport \u00e0 la classe F : source ADEME<\/li>\n<li class=\"product-features__item-list__item\" role=\"listitem\"><span class=\"is--medium\">Consommation annuelle :<\/span> 222 kWh\/an<\/li>\n<li class=\"product-features__item-list__item\" role=\"listitem\"><span class=\"is--medium\">Co\u00fbt unitaire en \u00e9lectricit\u00e9 :<\/span> 0,25 euros<\/li>\n<li class=\"product-features__item-list__item\" role=\"listitem\"><span class=\"is--medium\">Co\u00fbt annuel d&rsquo;utilisation :<\/span> 56 euros<\/li>\n<\/ul>\n<\/li>\n<li class=\"product-features__item\" role=\"listitem\">\n<h3 class=\"product-features__label\">Dimensions<\/h3>\n<ul role=\"list\">\n<li class=\"product-features__item-list__item\" role=\"listitem\"><span class=\"is--medium\">LxHxP :<\/span> 69.7 x 185.5 x 76 cm<\/li>\n<li class=\"product-features__item-list__item\" role=\"listitem\"><span class=\"is--medium\">Poids net \u00a0 :<\/span> 50 kg<\/li>\n<li class=\"product-features__item-list__item\" role=\"listitem\"><span class=\"is--medium\">Poids brut :<\/span> 54 kg<\/li>\n<\/ul>\n<\/li>\n<li class=\"product-features__item\" role=\"listitem\">\n<h3 class=\"product-features__label\">Informations compl\u00e9mentaires<\/h3>\n<ul role=\"list\">\n<li class=\"product-features__item-list__item\" role=\"listitem\"><span class=\"is--medium\">Garantie :<\/span> 2 ans<\/li>\n<li class=\"product-features__item-list__item\" role=\"listitem\"><span class=\"is--medium\">Fabriqu\u00e9 en :<\/span> Allemagne<\/li>\n<li class=\"product-features__item-list__item\" role=\"listitem\"><span class=\"is--medium\">Disponibilit\u00e9 des pi\u00e8ces d\u00e9tach\u00e9es :<\/span> Pendant 15 ans, \u00e0 compter de la date d&rsquo;achat<\/li>\n<\/ul>\n<\/li>\n<\/ul>\n<\/div>\n<div class=\"product__disclosure-content\">\n<div class=\"js-read-more product-description__content read-more read-more--truncated\" style=\"max-height: 500px; overflow: hidden;\" data-read-more-name=\"description\">\n<div class=\"product__description-content read-more\">\n<p>Cong\u00e9lateur armoire LIEBHERR FNd7227-22 : Performance et Confort au Quotidien<\/p>\n<h3>Technologie NoFrost et Commandes Intuitives<\/h3>\n<p>Le cong\u00e9lateur armoire LIEBHERR FNd7227-22, dot\u00e9 de la technologie NoFrost, garantit une conservation optimale sans givre, \u00e9liminant ainsi le besoin de d\u00e9givrage manuel. Cette fonctionnalit\u00e9 assure une \u00e9conomie d&rsquo;\u00e9nergie significative et un gain de temps appr\u00e9ciable pour les utilisateurs. Avec un volume total de 363 litres, ce mod\u00e8le r\u00e9pond aux besoins des familles nombreuses ou des amateurs de batch cooking. La r\u00e9gulation \u00e9lectronique via un \u00e9cran tactile digital monochrome de 2,4 pouces, situ\u00e9 derri\u00e8re la porte, offre une interface utilisateur conviviale et une gestion pr\u00e9cise de la temp\u00e9rature. L&rsquo;alarme visuelle et sonore pour la porte et la temp\u00e9rature renforce la s\u00e9curit\u00e9 et la pr\u00e9servation des aliments.<\/p>\n<h3>Design \u00c9pur\u00e9 et Fonctionnalit\u00e9s Avanc\u00e9es<\/h3>\n<p>Le design blanc \u00e9pur\u00e9 du LIEBHERR FNd7227-22, avec sa porte r\u00e9versible et son joint de porte amovible, s&rsquo;int\u00e8gre harmonieusement dans tout type de cuisine. Les sept tiroirs spacieux, dont le tiroir sup\u00e9rieur avec fonction d&rsquo;inclinaison confortable, offrent une organisation flexible gr\u00e2ce au syst\u00e8me VarioSpace. Le pouvoir de cong\u00e9lation de 19 kg\/24h et l&rsquo;autonomie de 19 heures garantissent une efficacit\u00e9 maximale. De plus, la possibilit\u00e9 d&rsquo;int\u00e9grer la SmartDeviceBox en option pr\u00e9pare l&rsquo;appareil pour l&rsquo;avenir de la maison connect\u00e9e. Avec un niveau sonore de seulement 37 dB(A) et une classe climatique SN-T, ce cong\u00e9lateur est \u00e0 la fois silencieux et adapt\u00e9 \u00e0 une large gamme de conditions environnementales.<\/p>\n<\/div>\n<\/div>\n<p>&nbsp;<\/p>\n<\/div>","protected":false},"excerpt":{"rendered":"<div class=\"keypoints\">\n<h3 class=\"keypoints__title\">Les points cl\u00e9s<\/h3>\n<ul role=\"list\">\n<li class=\"keypoints__item\" role=\"listitem\">LxHxP : 69.7 x 185.5 x 76 cm &#8211; d\u00e9givrage automatique<\/li>\n<li class=\"keypoints__item\" role=\"listitem\">Consommation : D<\/li>\n<li class=\"keypoints__item\" role=\"listitem\">Autonomie en cas de coupure de courant : 19 h &#8211; Pouvoir de cong\u00e9lation : 19 kg\/24h<\/li>\n<li class=\"keypoints__item\" role=\"listitem\">7 compartiments &#8211; Pi\u00e8ce jusqu&rsquo;\u00e0 -15\u00b0C<\/li>\n<li class=\"keypoints__item keypoints__item--advantage\" role=\"listitem\"><strong>Le + :<\/strong> l&rsquo;\u00e9cran tactile vous permet de commander votre Liebherr simplement et intuitivement<\/li>\n<\/ul>\n<\/div>","protected":false},"featured_media":6993,"template":"","meta":{"_glsr_average":0,"_glsr_ranking":0,"_glsr_reviews":0},"product_cat":[181],"product_tag":[182,183,131],"class_list":{"0":"post-37297","1":"product","2":"type-product","3":"status-publish","4":"has-post-thumbnail","6":"product_cat-congelateur-armoire","7":"product_tag-congelateur","8":"product_tag-congelateur-armoire","9":"product_tag-gros-electromenager","11":"first","12":"instock","13":"sale","14":"shipping-taxable","15":"purchasable","16":"product-type-simple"},"_links":{"self":[{"href":"https:\/\/electromenagerexpress.com\/en\/wp-json\/wp\/v2\/product\/37297","targetHints":{"allow":["GET"]}}],"collection":[{"href":"https:\/\/electromenagerexpress.com\/en\/wp-json\/wp\/v2\/product"}],"about":[{"href":"https:\/\/electromenagerexpress.com\/en\/wp-json\/wp\/v2\/types\/product"}],"wp:featuredmedia":[{"embeddable":true,"href":"https:\/\/electromenagerexpress.com\/en\/wp-json\/wp\/v2\/media\/6993"}],"wp:attachment":[{"href":"https:\/\/electromenagerexpress.com\/en\/wp-json\/wp\/v2\/media?parent=37297"}],"wp:term":[{"taxonomy":"product_cat","embeddable":true,"href":"https:\/\/electromenagerexpress.com\/en\/wp-json\/wp\/v2\/product_cat?post=37297"},{"taxonomy":"product_tag","embeddable":true,"href":"https:\/\/electromenagerexpress.com\/en\/wp-json\/wp\/v2\/product_tag?post=37297"}],"curies":[{"name":"wp","href":"https:\/\/api.w.org\/{rel}","templated":true}]}}