{"id":36723,"date":"2024-11-21T09:46:38","date_gmt":"2024-11-21T09:46:38","guid":{"rendered":"https:\/\/electromenagerexpress.com\/product\/refrigerateur-combineboschkgn33nweb\/"},"modified":"2025-02-20T19:35:18","modified_gmt":"2025-02-20T19:35:18","slug":"refrigerateur-combineboschkgn33nweb","status":"publish","type":"product","link":"https:\/\/electromenagerexpress.com\/en\/product\/refrigerateur-combineboschkgn33nweb\/","title":{"rendered":"R\u00e9frig\u00e9rateur combin\u00e9\tBOSCH\tKGN33NWEB"},"content":{"rendered":"<div class=\"product-features__content\">\n<ul role=\"list\">\n<li class=\"product-features__item\" role=\"listitem\">\n<h3 class=\"product-features__label\">Type de r\u00e9frig\u00e9rateur<\/h3>\n<ul role=\"list\">\n<li class=\"product-features__item-list__item\" role=\"listitem\"><span class=\"is--medium\">Format :<\/span> combin\u00e9 avec cong\u00e9lateur en bas<\/li>\n<li class=\"product-features__item-list__item\" role=\"listitem\"><span class=\"is--medium\">Volume total :<\/span> 282,0 L<\/li>\n<li class=\"product-features__item-list__item\" role=\"listitem\"><span class=\"is--medium\">Niveau sonore :<\/span> niveau sonore standard (42 db)<\/li>\n<li class=\"product-features__item-list__item\" role=\"listitem\"><span class=\"is--medium\">Classe d&rsquo;\u00e9mission de bruit acoustique dans l&rsquo;air :<\/span> D<\/li>\n<li class=\"product-features__item-list__item\" role=\"listitem\"><span class=\"is--medium\">Couleur du produit :<\/span> blanc<\/li>\n<\/ul>\n<\/li>\n<li class=\"product-features__item\" role=\"listitem\">\n<h3 class=\"product-features__label\">Type d&rsquo;installation<\/h3>\n<ul role=\"list\">\n<li class=\"product-features__item-list__item\" role=\"listitem\"><span class=\"is--medium\">Pose de l&rsquo;appareil :<\/span> pose libre, peut \u00eatre install\u00e9 librement dans n&rsquo;importe quelle pi\u00e8ce de la maison<\/li>\n<li class=\"product-features__item-list__item\" role=\"listitem\"><span class=\"is--medium\">Installation :<\/span> porte sans d\u00e9bord, le r\u00e9frig\u00e9rateur peut \u00eatre install\u00e9 contre le mur<\/li>\n<li class=\"product-features__item-list__item\" role=\"listitem\"><span class=\"is--medium\">Sens d&rsquo;ouverture de la porte :<\/span> fixation \u00e0 droite r\u00e9versible<\/li>\n<li class=\"product-features__item-list__item\" role=\"listitem\"><span class=\"is--medium\">Type de poign\u00e9e(s) :<\/span> int\u00e9gr\u00e9e(s), elles sont invisibles pour un rendu esth\u00e9tique<\/li>\n<li class=\"product-features__item-list__item\" role=\"listitem\"><span class=\"is--medium\">Classe climatique :<\/span> la classe climatique SN-T,ou classe tropicale \u00e9largie (de 10\u00b0C \u00e0 43 C ), permet un fonctionnement optimum dans des pi\u00e8ces \u00e0 temp\u00e9ratures basses ou \u00e9lev\u00e9es. Id\u00e9ale pour une installation dans un garage, une v\u00e9randa ou une cave<\/li>\n<\/ul>\n<\/li>\n<li class=\"product-features__item\" role=\"listitem\">\n<h3 class=\"product-features__label\">R\u00e9frig\u00e9rateur<\/h3>\n<ul role=\"list\">\n<li class=\"product-features__item-list__item\" role=\"listitem\"><span class=\"is--medium\">Volume r\u00e9frig\u00e9rateur :<\/span> 193,0 L<\/li>\n<li class=\"product-features__item-list__item\" role=\"listitem\"><span class=\"is--medium\">Froid du r\u00e9frig\u00e9rateur :<\/span> le froid ventil\u00e9 permet une r\u00e9partition du froid de mani\u00e8re homog\u00e8ne et un rangement libre, sans contrainte, des aliments dans le r\u00e9frig\u00e9rateur<\/li>\n<li class=\"product-features__item-list__item\" role=\"listitem\"><span class=\"is--medium\">D\u00e9givrage du r\u00e9frig\u00e9rateur :<\/span> automatique<\/li>\n<li class=\"product-features__item-list__item\" role=\"listitem\"><span class=\"is--medium\">Type de thermostat :<\/span> m\u00e9canique, permet un r\u00e9glage facile de la temp\u00e9rature du r\u00e9frig\u00e9rateur<\/li>\n<\/ul>\n<\/li>\n<li class=\"product-features__item\" role=\"listitem\">\n<h3 class=\"product-features__label\">Cong\u00e9lateur<\/h3>\n<ul role=\"list\">\n<li class=\"product-features__item-list__item\" role=\"listitem\"><span class=\"is--medium\">Volume du cong\u00e9lateur :<\/span> 89 L<\/li>\n<li class=\"product-features__item-list__item\" role=\"listitem\"><span class=\"is--medium\">D\u00e9givrage du cong\u00e9lateur :<\/span> automatique (pas besoin de d\u00e9givrer)<\/li>\n<li class=\"product-features__item-list__item\" role=\"listitem\"><span class=\"is--medium\">Pouvoir de cong\u00e9lation :<\/span> 10kg \/ 24h<\/li>\n<li class=\"product-features__item-list__item\" role=\"listitem\"><span class=\"is--medium\">Le saviez-vous ? :<\/span> plus la capacit\u00e9 de cong\u00e9lation est importante, plus le cong\u00e9lateur cong\u00e8le rapidement les aliments. Les aliments frais se conserveront plus longtemps, et garderont mieux toutes leurs saveurs et nutriments.<\/li>\n<li class=\"product-features__item-list__item\" role=\"listitem\"><span class=\"is--medium\">Autonomie en cas de coupure de courant :<\/span> 12h<\/li>\n<\/ul>\n<\/li>\n<li class=\"product-features__item\" role=\"listitem\">\n<h3 class=\"product-features__label\">Agencement<\/h3>\n<ul role=\"list\">\n<li class=\"product-features__item-list__item\" role=\"listitem\"><span class=\"is--medium\">Nombre de clayettes r\u00e9frig\u00e9rateur :<\/span> 3<\/li>\n<li class=\"product-features__item-list__item\" role=\"listitem\"><span class=\"is--medium\">Mati\u00e8re des clayettes :<\/span> verre<\/li>\n<li class=\"product-features__item-list__item\" role=\"listitem\"><span class=\"is--medium\">Clayette porte bouteille :<\/span> Non<\/li>\n<li class=\"product-features__item-list__item\" role=\"listitem\"><span class=\"is--medium\">Nombre de tiroirs dans le r\u00e9frig\u00e9rateur :<\/span> 1<\/li>\n<li class=\"product-features__item-list__item\" role=\"listitem\"><span class=\"is--medium\">Type d&rsquo;alimentation d&rsquo;eau :<\/span> ne poss\u00e8de pas cette fonction<\/li>\n<li class=\"product-features__item-list__item\" role=\"listitem\"><span class=\"is--medium\">N\u00e9cessite une arriv\u00e9e d&rsquo;eau :<\/span> non<\/li>\n<li class=\"product-features__item-list__item\" role=\"listitem\"><span class=\"is--medium\">Carafe d&rsquo;eau int\u00e9gr\u00e9e :<\/span> Non<\/li>\n<li class=\"product-features__item-list__item\" role=\"listitem\"><span class=\"is--medium\">Bac \/ tiroir XL dans le cong\u00e9lateur :<\/span> Non<\/li>\n<li class=\"product-features__item-list__item\" role=\"listitem\"><span class=\"is--medium\">Syst\u00e8me \u00e0 gla\u00e7ons :<\/span> bac \u00e0 gla\u00e7ons<\/li>\n<li class=\"product-features__item-list__item\" role=\"listitem\"><span class=\"is--medium\">Zone r\u00e9versible :<\/span> ne poss\u00e8de pas de zone r\u00e9versible<\/li>\n<li class=\"product-features__item-list__item\" role=\"listitem\"><span class=\"is--medium\">Panneau de commandes :<\/span> int\u00e9rieur tactile<\/li>\n<li class=\"product-features__item-list__item\" role=\"listitem\"><span class=\"is--medium\">Alarme d&rsquo;ouverture de porte :<\/span> permet de signaler une ouverture accidentelle de la porte pour \u00e9viter la d\u00e9perdition de froid<\/li>\n<li class=\"product-features__item-list__item\" role=\"listitem\"><span class=\"is--medium\">Alarme de remont\u00e9e en temp\u00e9rature :<\/span> permet de signaler une remont\u00e9e anormale de la temp\u00e9rature pour garantir une conservation optimale des aliments<\/li>\n<li class=\"product-features__item-list__item\" role=\"listitem\"><span class=\"is--medium\">Eclairage :<\/span> LED<\/li>\n<li class=\"product-features__item-list__item\" role=\"listitem\"><span class=\"is--medium\">Nombre de tiroirs dans le cong\u00e9lateur :<\/span> 3<\/li>\n<\/ul>\n<\/li>\n<li class=\"product-features__item\" role=\"listitem\">\n<h3 class=\"product-features__label\">Conservation<\/h3>\n<ul role=\"list\">\n<li class=\"product-features__item-list__item\" role=\"listitem\"><span class=\"is--medium\">Zone fra\u00eecheur pour les fruits et l\u00e9gumes :<\/span> oui, la ma\u00eetrise du taux d&rsquo;humidit\u00e9 dans le compartiment permet une conservation parfaite des fruits et l\u00e9gumes<\/li>\n<li class=\"product-features__item-list__item\" role=\"listitem\"><span class=\"is--medium\">Fonction cong\u00e9lation rapide :<\/span> oui, elle permet d&rsquo;acc\u00e9l\u00e9rer la baisse de la temp\u00e9rature pour congeler rapidement les aliments en conservant leurs saveurs et nutriments<\/li>\n<\/ul>\n<\/li>\n<li class=\"product-features__item\" role=\"listitem\">\n<h3 class=\"product-features__label\">Technologie<\/h3>\n<ul role=\"list\">\n<li class=\"product-features__item-list__item\" role=\"listitem\"><span class=\"is--medium\">Connectivit\u00e9 wifi :<\/span> non connect\u00e9<\/li>\n<\/ul>\n<\/li>\n<li class=\"product-features__item\" role=\"listitem\">\n<h3 class=\"product-features__label\">Consommation<\/h3>\n<ul role=\"list\">\n<li class=\"product-features__item-list__item\" role=\"listitem\"><span class=\"is--medium\">Co\u00fbt annuel d&rsquo;utilisation :<\/span> 60 euros<\/li>\n<li class=\"product-features__item-list__item\" role=\"listitem\"><span class=\"is--medium\">Consommation d&rsquo;\u00e9nergie annuelle :<\/span> 237 kWh\/an<\/li>\n<li class=\"product-features__item-list__item\" role=\"listitem\"><span class=\"is--medium\">Label \u00e9nergie :<\/span> E<\/li>\n<li class=\"product-features__item-list__item\" role=\"listitem\"><span class=\"is--medium\">Economie d&rsquo;\u00e9nergie :<\/span> un changement de classe \u00e9nerg\u00e9tique repr\u00e9sente environ 16% d&rsquo;\u00e9conomie sur votre consommation d&rsquo;\u00e9nergie<\/li>\n<\/ul>\n<\/li>\n<li class=\"product-features__item\" role=\"listitem\">\n<h3 class=\"product-features__label\">Dimensions<\/h3>\n<ul role=\"list\">\n<li class=\"product-features__item-list__item\" role=\"listitem\"><span class=\"is--medium\">LxHxP :<\/span> 60 x 176 x 66 cm<\/li>\n<li class=\"product-features__item-list__item\" role=\"listitem\"><span class=\"is--medium\">Poids net :<\/span> 59 kg<\/li>\n<li class=\"product-features__item-list__item\" role=\"listitem\"><span class=\"is--medium\">Poids brut :<\/span> 64 kg<\/li>\n<\/ul>\n<\/li>\n<li class=\"product-features__item\" role=\"listitem\">\n<h3 class=\"product-features__label\">Informations compl\u00e9mentaires<\/h3>\n<ul role=\"list\">\n<li class=\"product-features__item-list__item\" role=\"listitem\"><span class=\"is--medium\">Garantie :<\/span> 2 ans<\/li>\n<li class=\"product-features__item-list__item\" role=\"listitem\"><span class=\"is--medium\">Disponibilit\u00e9 des pi\u00e8ces d\u00e9tach\u00e9es\u00a0 :<\/span> Pendant 15 ans, \u00e0 compter de la date de fabrication<\/li>\n<li class=\"product-features__item-list__item\" role=\"listitem\"><span class=\"is--medium\">Fabriqu\u00e9 en :<\/span> Turquie<\/li>\n<\/ul>\n<\/li>\n<\/ul>\n<\/div>\n<div class=\"product__disclosure-content\">\n<div class=\"js-read-more product-description__content read-more read-more--truncated\" style=\"max-height: 500px; overflow: hidden;\" data-read-more-name=\"description\"><center><\/center>Allez \u00e0 l&rsquo;essentiel ! Gr\u00e2ce au Combi BOSCH KGN33NWEB, vous disposerez d&rsquo;un appareil polyvalent pour conserver simplement une grande quantit\u00e9 d&rsquo;aliments.<\/p>\n<h3>Un rangement simplifi\u00e9<\/h3>\n<p>En qu\u00eate d&rsquo;un appareil pratique et fiable pour stocker vos aliments ? Le Combi BOSCH KGN33NWEB a tout ce qu&rsquo;il vous faut. Pourvu de la <b>technologie MultiBox<\/b>, il s&rsquo;appuie sur un <b>compartiment transparent<\/b> qui dispose de ses propres boutons de r\u00e9glage. Ainsi, vous pourrez <b>adapter l&rsquo;intensit\u00e9 du froid<\/b> aux aliments que vous rangez.<\/p>\n<p>Avec le Combi BOSCH KGN33NWEB, vous n&rsquo;aurez plus \u00e0 craindre les corv\u00e9es de d\u00e9givrage. En effet, il dispose de la <b>technologie NoFrost<\/b>. Celle-ci <b>emp\u00eache la formation de givre<\/b> sur les parois, ce qui offre une meilleure conservation des denr\u00e9es tout en <b>r\u00e9duisant les risques de surchauffe<\/b> ainsi que la consommation d&rsquo;\u00e9nergie.<\/p>\n<h3>Pour tous les int\u00e9rieurs<\/h3>\n<p>&nbsp;<\/p>\n<\/div>\n<div class=\"js-read-more product-description__content read-more read-more--truncated\" style=\"max-height: 500px; overflow: hidden;\" data-read-more-name=\"description\">\n<p>La saine conservation de vos denr\u00e9es alimentaires \u00e9tant primordiale, le Combi BOSCH KGN33NWEB est \u00e9quip\u00e9 de la <b>technologie MultiAir Flow<\/b>. R\u00e9volutionnaire, ce syst\u00e8me <b>favorise la circulation de l&rsquo;air<\/b> dans tous les coins de la cavit\u00e9 de l&rsquo;appareil. Ainsi, tous les aliments seront id\u00e9alement r\u00e9frig\u00e9r\u00e9s, pour une pr\u00e9servation optimale sur le long terme.<\/p>\n<p>Lorsque l&rsquo;on manque d&rsquo;espace, il peut \u00eatre compliqu\u00e9 de trouver l&rsquo;appareil qui nous convient. Sur ce plan, le Combi BOSCH KGN33NWEB vous ravira, puisqu&rsquo;il peut <b>s&rsquo;installer partout facilement<\/b>. <b>Ergonomique<\/b>, il peut \u00eatre install\u00e9 \u00e0 c\u00f4t\u00e9 des parois de vos meubles sans nuire \u00e0 leur ouverture. \u00c0 l&rsquo;int\u00e9rieur de la cavit\u00e9 du r\u00e9frig\u00e9rateur et du cong\u00e9lateur, vous profiterez d&rsquo;une <b>clayette coulissante EasyAccess<\/b> pour atteindre rapidement vos aliments.<\/p>\n<p>&nbsp;<\/p>\n<\/div>\n<p>&nbsp;<\/p>\n<\/div>","protected":false},"excerpt":{"rendered":"<div class=\"keypoints\">\n<h3 class=\"keypoints__title\">Les points cl\u00e9s<\/h3>\n<ul role=\"list\">\n<li class=\"keypoints__item\" role=\"listitem\">LxHxP : 60 x 176 x 66 cm<\/li>\n<li class=\"keypoints__item\" role=\"listitem\">Niveau sonore de 42dB &#8211; Label \u00e9nergie E<\/li>\n<li class=\"keypoints__item\" role=\"listitem\">Volume total : 282,0 L &#8211; D\u00e9givrage automatique du cong\u00e9lateur<\/li>\n<li class=\"keypoints__item\" role=\"listitem\">Frigo de : 193 L (id\u00e9al pour 2 personnes) &#8211; cong\u00e9lateur de 89L<\/li>\n<li class=\"keypoints__item keypoints__item--advantage\" role=\"listitem\"><strong>Le + :<\/strong> son tiroir acc\u00e8s facile aux aliments du cong\u00e9lateur<\/li>\n<\/ul>\n<p>&nbsp;<\/p>\n<\/div>","protected":false},"featured_media":19575,"template":"","meta":{"_glsr_average":0,"_glsr_ranking":0,"_glsr_reviews":0},"product_cat":[171],"product_tag":[131,172,173],"class_list":{"0":"post-36723","1":"product","2":"type-product","3":"status-publish","4":"has-post-thumbnail","6":"product_cat-refrigerateur-congelateur","7":"product_tag-gros-electromenager","8":"product_tag-refrigerateur","9":"product_tag-refrigerateur-congelateur","11":"first","12":"instock","13":"sale","14":"shipping-taxable","15":"purchasable","16":"product-type-simple"},"_links":{"self":[{"href":"https:\/\/electromenagerexpress.com\/en\/wp-json\/wp\/v2\/product\/36723","targetHints":{"allow":["GET"]}}],"collection":[{"href":"https:\/\/electromenagerexpress.com\/en\/wp-json\/wp\/v2\/product"}],"about":[{"href":"https:\/\/electromenagerexpress.com\/en\/wp-json\/wp\/v2\/types\/product"}],"wp:featuredmedia":[{"embeddable":true,"href":"https:\/\/electromenagerexpress.com\/en\/wp-json\/wp\/v2\/media\/19575"}],"wp:attachment":[{"href":"https:\/\/electromenagerexpress.com\/en\/wp-json\/wp\/v2\/media?parent=36723"}],"wp:term":[{"taxonomy":"product_cat","embeddable":true,"href":"https:\/\/electromenagerexpress.com\/en\/wp-json\/wp\/v2\/product_cat?post=36723"},{"taxonomy":"product_tag","embeddable":true,"href":"https:\/\/electromenagerexpress.com\/en\/wp-json\/wp\/v2\/product_tag?post=36723"}],"curies":[{"name":"wp","href":"https:\/\/api.w.org\/{rel}","templated":true}]}}